{"id":511,"date":"2024-02-15T00:56:42","date_gmt":"2024-02-15T00:56:42","guid":{"rendered":"https:\/\/gpsites.co\/solar\/?page_id=8"},"modified":"2026-01-20T12:14:16","modified_gmt":"2026-01-20T11:14:16","slug":"home","status":"publish","type":"page","link":"https:\/\/renouvelable-habitat.fr\/it\/","title":{"rendered":"Casa"},"content":{"rendered":"<div class=\"gb-container gb-container-5950de47\">\n<div class=\"gb-container gb-container-c7e444b2\">\n<div class=\"gb-container gb-container-9c48b02d\">\n\n<h1 class=\"gb-headline gb-headline-edd053b6 gb-headline-text highlight-word\">Sfruttare la potenza del sole per un futuro sostenibile!<\/h1>\n\n\n\n<p class=\"gb-headline gb-headline-17d09cc4 gb-headline-text\">Passare all'energia solare non solo vi aiuta a risparmiare sulla bolletta elettrica, ma contribuisce anche a rendere il pianeta pi\u00f9 pulito e pi\u00f9 verde. Unitevi alla rivoluzione solare e raccogliete i benefici dell'energia rinnovabile.<\/p>\n\n<\/div>\n\n<div class=\"gb-container gb-container-ec61d149\">\n<div class=\"gb-container gb-container-57b2da01\">\n\n<h3 class=\"gb-headline gb-headline-ae3370e2\"><span class=\"gb-icon\"><svg viewbox=\"0 0 512 512\" xmlns=\"http:\/\/www.w3.org\/2000\/svg\"><path d=\"M416 208c0 45.9-14.9 88.3-40 122.7L502.6 457.4c12.5 12.5 12.5 32.8 0 45.3s-32.8 12.5-45.3 0L330.7 376c-34.4 25.2-76.8 40-122.7 40C93.1 416 0 322.9 0 208S93.1 0 208 0S416 93.1 416 208zM288 176c0-44.2-35.8-80-80-80s-80 35.8-80 80c0 48.8 46.5 111.6 68.6 138.6c6 7.3 16.8 7.3 22.7 0c22.1-27 68.6-89.8 68.6-138.6zm-112 0a32 32 0 1 1 64 0 32 32 0 1 1 -64 0z\"><\/path><\/svg><\/span><\/h3>\n\n\n<div class=\"gb-container gb-container-0b78f08f\">\n\n<h3 class=\"gb-headline gb-headline-4215ffd1 gb-headline-text no-fill-svg\">Notizia<\/h3>\n\n\n\n<a class=\"gb-button gb-button-50ffbf9d gb-button-text\" href=\"https:\/\/renouvelable-habitat.fr\/it\/notizia\/\">Consulta le informazioni pi\u00f9 recenti sulle energie rinnovabili per le case.<\/a>\n\n<\/div>\n<\/div>\n\n<div class=\"gb-container gb-container-aa899ad0\">\n\n<h3 class=\"gb-headline gb-headline-a53cb6f7\"><span class=\"gb-icon\"><svg viewbox=\"0 0 512 512\" xmlns=\"http:\/\/www.w3.org\/2000\/svg\"><path d=\"M256 80C149.9 80 62.4 159.4 49.6 262c9.4-3.8 19.6-6 30.4-6c26.5 0 48 21.5 48 48V432c0 26.5-21.5 48-48 48c-44.2 0-80-35.8-80-80V384 336 288C0 146.6 114.6 32 256 32s256 114.6 256 256v48 48 16c0 44.2-35.8 80-80 80c-26.5 0-48-21.5-48-48V304c0-26.5 21.5-48 48-48c10.8 0 21 2.1 30.4 6C449.6 159.4 362.1 80 256 80z\"><\/path><\/svg><\/span><\/h3>\n\n\n<div class=\"gb-container gb-container-a6e2c081\">\n\n<h3 class=\"gb-headline gb-headline-f34cda10 gb-headline-text no-fill-svg\">Volete partecipare?<\/h3>\n\n\n\n<p class=\"gb-headline gb-headline-3186a6e0 gb-headline-text\">Non esitate a contattarci per pubblicare sul nostro blog.<\/p>\n\n<\/div>\n<\/div>\n<\/div>\n<\/div>\n<\/div>\n\n<div class=\"gb-container gb-container-42c3c3f4\">\n<div class=\"gb-container gb-container-555dbbb4\">\n<div class=\"gb-container gb-container-f48dc796\"><\/div>\n\n<div class=\"gb-container gb-container-1f8f05b2\"><\/div>\n\n<div class=\"gb-container gb-container-19e6facb\"><\/div>\n\n<div class=\"gb-container gb-container-82c42115\"><\/div>\n\n<div class=\"gb-container gb-container-9327e976\"><\/div>\n<\/div>\n\n<div class=\"gb-container gb-container-f75655ba\">\n<div class=\"gb-container gb-container-558ee340\">\n<div class=\"gb-container gb-container-3165593a\">\n\n<h3 class=\"gb-headline gb-headline-bff72dec gb-headline-text\"><strong><strong>Tutti gli argomenti trattati<\/strong><\/strong><\/h3>\n\n\n\n<h2 class=\"gb-headline gb-headline-42020178 gb-headline-text\">Esplorate le nostre soluzioni di energia solare, eolica e idroelettrica per ridurre la vostra impronta di carbonio.<\/h2>\n\n\n\n<p class=\"gb-headline gb-headline-2e0cf62a gb-headline-text\">Che si tratti di una casa o di un'azienda, abbiamo le soluzioni solari di cui avete bisogno.<\/p>\n\n\n<div class=\"gb-grid-wrapper gb-grid-wrapper-2bf5ddb7\">\n<div class=\"gb-grid-column gb-grid-column-a4b5cd2e\"><div class=\"gb-container gb-container-a4b5cd2e\">\n\n<h5 class=\"gb-headline gb-headline-b8d93b26\"><span class=\"gb-icon\"><svg viewbox=\"0 0 576 512\" xmlns=\"http:\/\/www.w3.org\/2000\/svg\"><path d=\"M96 0C78.3 0 64 14.3 64 32v96h64V32c0-17.7-14.3-32-32-32zM288 0c-17.7 0-32 14.3-32 32v96h64V32c0-17.7-14.3-32-32-32zM32 160c-17.7 0-32 14.3-32 32s14.3 32 32 32v32c0 77.4 55 142 128 156.8V480c0 17.7 14.3 32 32 32s32-14.3 32-32V412.8c12.3-2.5 24.1-6.4 35.1-11.5c-2.1-10.8-3.1-21.9-3.1-33.3c0-80.3 53.8-148 127.3-169.2c.5-2.2 .7-4.5 .7-6.8c0-17.7-14.3-32-32-32H32zM432 512a144 144 0 1 0 0-288 144 144 0 1 0 0 288zm47.9-225c4.3 3.7 5.4 9.9 2.6 14.9L452.4 356H488c5.2 0 9.8 3.3 11.4 8.2s-.1 10.3-4.2 13.4l-96 72c-4.5 3.4-10.8 3.2-15.1-.6s-5.4-9.9-2.6-14.9L411.6 380H376c-5.2 0-9.8-3.3-11.4-8.2s.1-10.3 4.2-13.4l96-72c4.5-3.4 10.8-3.2 15.1 .6z\"><\/path><\/svg><\/span><span class=\"gb-headline-text\">Lavoro<\/span><\/h5>\n\n\n\n<p class=\"gb-headline gb-headline-940b6b59 gb-headline-text\"><\/p>\n\n\n<div class=\"gb-container gb-container-d6dccb69\">\n\n<a class=\"gb-button gb-button-3898b100\" href=\"https:\/\/renouvelable-habitat.fr\/it\/lavori-domestici\/\"><span class=\"gb-button-text\"><strong>Per saperne di pi\u00f9<\/strong><\/span><span class=\"gb-icon\"><svg aria-hidden=\"true\" role=\"img\" height=\"1em\" width=\"1em\" viewbox=\"0 0 256 512\" xmlns=\"http:\/\/www.w3.org\/2000\/svg\"><path fill=\"currentColor\" d=\"M224.3 273l-136 136c-9.4 9.4-24.6 9.4-33.9 0l-22.6-22.6c-9.4-9.4-9.4-24.6 0-33.9l96.4-96.4-96.4-96.4c-9.4-9.4-9.4-24.6 0-33.9L54.3 103c9.4-9.4 24.6-9.4 33.9 0l136 136c9.5 9.4 9.5 24.6.1 34z\"><\/path><\/svg><\/span><\/a>\n\n<\/div>\n<\/div><\/div>\n\n<div class=\"gb-grid-column gb-grid-column-2189687a\"><div class=\"gb-container gb-container-2189687a\">\n\n<h5 class=\"gb-headline gb-headline-bce23a6e\"><span class=\"gb-icon\"><svg viewbox=\"0 0 576 512\" xmlns=\"http:\/\/www.w3.org\/2000\/svg\"><path d=\"M64 32C46.3 32 32 46.3 32 64V304v48 80c0 26.5 21.5 48 48 48H496c26.5 0 48-21.5 48-48V304 152.2c0-18.2-19.4-29.7-35.4-21.1L352 215.4V152.2c0-18.2-19.4-29.7-35.4-21.1L160 215.4V64c0-17.7-14.3-32-32-32H64z\"><\/path><\/svg><\/span><span class=\"gb-headline-text\">Immobili<\/span><\/h5>\n\n\n\n<p class=\"gb-headline gb-headline-aae6e5f1 gb-headline-text\"><\/p>\n\n\n<div class=\"gb-container gb-container-ad1e0dab\">\n\n<a class=\"gb-button gb-button-bcafc19d\" href=\"https:\/\/renouvelable-habitat.fr\/it\/immobiliare\/\"><span class=\"gb-button-text\"><strong><strong>Per saperne di pi\u00f9<\/strong><\/strong><\/span><span class=\"gb-icon\"><svg aria-hidden=\"true\" role=\"img\" height=\"1em\" width=\"1em\" viewbox=\"0 0 256 512\" xmlns=\"http:\/\/www.w3.org\/2000\/svg\"><path fill=\"currentColor\" d=\"M224.3 273l-136 136c-9.4 9.4-24.6 9.4-33.9 0l-22.6-22.6c-9.4-9.4-9.4-24.6 0-33.9l96.4-96.4-96.4-96.4c-9.4-9.4-9.4-24.6 0-33.9L54.3 103c9.4-9.4 24.6-9.4 33.9 0l136 136c9.5 9.4 9.5 24.6.1 34z\"><\/path><\/svg><\/span><\/a>\n\n<\/div>\n<\/div><\/div>\n\n<div class=\"gb-grid-column gb-grid-column-6a373d73\"><div class=\"gb-container gb-container-6a373d73\">\n\n<h5 class=\"gb-headline gb-headline-3f40e469\"><span class=\"gb-icon\"><svg viewbox=\"0 0 512 512\" xmlns=\"http:\/\/www.w3.org\/2000\/svg\"><path d=\"M272 96c-78.6 0-145.1 51.5-167.7 122.5c33.6-17 71.5-26.5 111.7-26.5h88c8.8 0 16 7.2 16 16s-7.2 16-16 16H288 216s0 0 0 0c-16.6 0-32.7 1.9-48.3 5.4c-25.9 5.9-49.9 16.4-71.4 30.7c0 0 0 0 0 0C38.3 298.8 0 364.9 0 440v16c0 13.3 10.7 24 24 24s24-10.7 24-24V440c0-48.7 20.7-92.5 53.8-123.2C121.6 392.3 190.3 448 272 448l1 0c132.1-.7 239-130.9 239-291.4c0-42.6-7.5-83.1-21.1-119.6c-2.6-6.9-12.7-6.6-16.2-.1C455.9 72.1 418.7 96 376 96L272 96z\"><\/path><\/svg><\/span><span class=\"gb-headline-text\">Energia rinnovabile<\/span><\/h5>\n\n\n\n<p class=\"gb-headline gb-headline-719920b5 gb-headline-text\"><\/p>\n\n\n<div class=\"gb-container gb-container-7ffb97e8\">\n\n<a class=\"gb-button gb-button-3ecddb80\" href=\"https:\/\/renouvelable-habitat.fr\/it\/energia-rinnovabile\/\"><span class=\"gb-button-text\"><strong><strong>Per saperne di pi\u00f9<\/strong><\/strong><\/span><span class=\"gb-icon\"><svg aria-hidden=\"true\" role=\"img\" height=\"1em\" width=\"1em\" viewbox=\"0 0 256 512\" xmlns=\"http:\/\/www.w3.org\/2000\/svg\"><path fill=\"currentColor\" d=\"M224.3 273l-136 136c-9.4 9.4-24.6 9.4-33.9 0l-22.6-22.6c-9.4-9.4-9.4-24.6 0-33.9l96.4-96.4-96.4-96.4c-9.4-9.4-9.4-24.6 0-33.9L54.3 103c9.4-9.4 24.6-9.4 33.9 0l136 136c9.5 9.4 9.5 24.6.1 34z\"><\/path><\/svg><\/span><\/a>\n\n<\/div>\n<\/div><\/div>\n\n<div class=\"gb-grid-column gb-grid-column-da1e1a18\"><div class=\"gb-container gb-container-da1e1a18\">\n\n<h5 class=\"gb-headline gb-headline-fb10956b\"><span class=\"gb-icon\"><svg viewbox=\"0 0 640 512\" xmlns=\"http:\/\/www.w3.org\/2000\/svg\"><path d=\"M122.2 0C91.7 0 65.5 21.5 59.5 51.4L8.3 307.4C.4 347 30.6 384 71 384H288v64H224c-17.7 0-32 14.3-32 32s14.3 32 32 32H416c17.7 0 32-14.3 32-32s-14.3-32-32-32H352V384H569c40.4 0 70.7-36.9 62.8-76.6l-51.2-256C574.5 21.5 548.3 0 517.8 0H122.2zM260.9 64H379.1l10.4 104h-139L260.9 64zM202.3 168H101.4L122.2 64h90.4L202.3 168zM91.8 216H197.5L187.1 320H71L91.8 216zm153.9 0H394.3l10.4 104-169.4 0 10.4-104zm196.8 0H548.2L569 320h-116L442.5 216zm96-48H437.7L427.3 64h90.4l31.4-6.3L517.8 64l20.8 104z\"><\/path><\/svg><\/span><span class=\"gb-headline-text\">Jardinnage<\/span><\/h5>\n\n\n\n<p class=\"gb-headline gb-headline-36f25d91 gb-headline-text\"><\/p>\n\n\n<div class=\"gb-container gb-container-5158367c\">\n\n<a class=\"gb-button gb-button-24b6fa85\" href=\"https:\/\/renouvelable-habitat.fr\/it\/giardino\/\"><span class=\"gb-button-text\"><strong><strong>Per saperne di pi\u00f9<\/strong><\/strong><\/span><span class=\"gb-icon\"><svg aria-hidden=\"true\" role=\"img\" height=\"1em\" width=\"1em\" viewbox=\"0 0 256 512\" xmlns=\"http:\/\/www.w3.org\/2000\/svg\"><path fill=\"currentColor\" d=\"M224.3 273l-136 136c-9.4 9.4-24.6 9.4-33.9 0l-22.6-22.6c-9.4-9.4-9.4-24.6 0-33.9l96.4-96.4-96.4-96.4c-9.4-9.4-9.4-24.6 0-33.9L54.3 103c9.4-9.4 24.6-9.4 33.9 0l136 136c9.5 9.4 9.5 24.6.1 34z\"><\/path><\/svg><\/span><\/a>\n\n<\/div>\n<\/div><\/div>\n\n<div class=\"gb-grid-column gb-grid-column-71b0d441\"><div class=\"gb-container gb-container-71b0d441\">\n\n<h5 class=\"gb-headline gb-headline-97b0cf53\"><span class=\"gb-icon\"><svg viewbox=\"0 0 640 512\" xmlns=\"http:\/\/www.w3.org\/2000\/svg\"><path d=\"M96 64c0-35.3 28.7-64 64-64H266.3c26.2 0 49.7 15.9 59.4 40.2L373.7 160H480V126.2c0-24.8 5.8-49.3 16.9-71.6l2.5-5c7.9-15.8 27.1-22.2 42.9-14.3s22.2 27.1 14.3 42.9l-2.5 5c-6.7 13.3-10.1 28-10.1 42.9V160h56c22.1 0 40 17.9 40 40v45.4c0 16.5-8.5 31.9-22.6 40.7l-43.3 27.1c-14.2-5.9-29.8-9.2-46.1-9.2c-39.3 0-74.1 18.9-96 48H352c0 17.7-14.3 32-32 32h-8.2c-1.7 4.8-3.7 9.5-5.8 14.1l5.8 5.8c12.5 12.5 12.5 32.8 0 45.3l-22.6 22.6c-12.5 12.5-32.8 12.5-45.3 0l-5.8-5.8c-4.6 2.2-9.3 4.1-14.1 5.8V480c0 17.7-14.3 32-32 32H160c-17.7 0-32-14.3-32-32v-8.2c-4.8-1.7-9.5-3.7-14.1-5.8l-5.8 5.8c-12.5 12.5-32.8 12.5-45.3 0L40.2 449.1c-12.5-12.5-12.5-32.8 0-45.3l5.8-5.8c-2.2-4.6-4.1-9.3-5.8-14.1H32c-17.7 0-32-14.3-32-32V320c0-17.7 14.3-32 32-32h8.2c1.7-4.8 3.7-9.5 5.8-14.1l-5.8-5.8c-12.5-12.5-12.5-32.8 0-45.3l22.6-22.6c9-9 21.9-11.5 33.1-7.6V192 160 64zm170.3 0H160v96h32H304.7L266.3 64zM176 256a80 80 0 1 0 0 160 80 80 0 1 0 0-160zM528 448a24 24 0 1 0 0-48 24 24 0 1 0 0 48zm0 64c-48.6 0-88-39.4-88-88c0-29.8 14.8-56.1 37.4-72c14.3-10.1 31.8-16 50.6-16c2.7 0 5.3 .1 7.9 .3c44.9 4 80.1 41.7 80.1 87.7c0 48.6-39.4 88-88 88z\"><\/path><\/svg><\/span><span class=\"gb-headline-text\">decorazione<\/span><\/h5>\n\n\n\n<p class=\"gb-headline gb-headline-a7d0f23c gb-headline-text\">presto sul blog...<\/p>\n\n\n<div class=\"gb-container gb-container-be168a49\">\n\n<a class=\"gb-button gb-button-427c9b25\" href=\"https:\/\/renouvelable-habitat.fr\/it\/decorazione\/\"><span class=\"gb-button-text\"><strong><strong>Per saperne di pi\u00f9<\/strong><\/strong><\/span><span class=\"gb-icon\"><svg aria-hidden=\"true\" role=\"img\" height=\"1em\" width=\"1em\" viewbox=\"0 0 256 512\" xmlns=\"http:\/\/www.w3.org\/2000\/svg\"><path fill=\"currentColor\" d=\"M224.3 273l-136 136c-9.4 9.4-24.6 9.4-33.9 0l-22.6-22.6c-9.4-9.4-9.4-24.6 0-33.9l96.4-96.4-96.4-96.4c-9.4-9.4-9.4-24.6 0-33.9L54.3 103c9.4-9.4 24.6-9.4 33.9 0l136 136c9.5 9.4 9.5 24.6.1 34z\"><\/path><\/svg><\/span><\/a>\n\n<\/div>\n<\/div><\/div>\n\n<div class=\"gb-grid-column gb-grid-column-51bbd91d\"><div class=\"gb-container gb-container-51bbd91d\">\n\n<h5 class=\"gb-headline gb-headline-3ea340fd\"><span class=\"gb-icon\"><svg viewbox=\"0 0 384 512\" xmlns=\"http:\/\/www.w3.org\/2000\/svg\"><path d=\"M297.2 248.9C311.6 228.3 320 203.2 320 176c0-70.7-57.3-128-128-128S64 105.3 64 176c0 27.2 8.4 52.3 22.8 72.9c3.7 5.3 8.1 11.3 12.8 17.7l0 0c12.9 17.7 28.3 38.9 39.8 59.8c10.4 19 15.7 38.8 18.3 57.5H109c-2.2-12-5.9-23.7-11.8-34.5c-9.9-18-22.2-34.9-34.5-51.8l0 0 0 0c-5.2-7.1-10.4-14.2-15.4-21.4C27.6 247.9 16 213.3 16 176C16 78.8 94.8 0 192 0s176 78.8 176 176c0 37.3-11.6 71.9-31.4 100.3c-5 7.2-10.2 14.3-15.4 21.4l0 0 0 0c-12.3 16.8-24.6 33.7-34.5 51.8c-5.9 10.8-9.6 22.5-11.8 34.5H226.4c2.6-18.7 7.9-38.6 18.3-57.5c11.5-20.9 26.9-42.1 39.8-59.8l0 0 0 0 0 0c4.7-6.4 9-12.4 12.7-17.7zM192 128c-26.5 0-48 21.5-48 48c0 8.8-7.2 16-16 16s-16-7.2-16-16c0-44.2 35.8-80 80-80c8.8 0 16 7.2 16 16s-7.2 16-16 16zm0 384c-44.2 0-80-35.8-80-80V416H272v16c0 44.2-35.8 80-80 80z\"><\/path><\/svg><\/span><span class=\"gb-headline-text\">Notizia<\/span><\/h5>\n\n\n\n<p class=\"gb-headline gb-headline-8ea24562 gb-headline-text\"><\/p>\n\n\n<div class=\"gb-container gb-container-a65d0d61\">\n\n<a class=\"gb-button gb-button-dc7ec7ad\" href=\"https:\/\/renouvelable-habitat.fr\/it\/notizia\/\"><span class=\"gb-button-text\"><strong><strong>Per saperne di pi\u00f9<\/strong><\/strong><\/span><span class=\"gb-icon\"><svg aria-hidden=\"true\" role=\"img\" height=\"1em\" width=\"1em\" viewbox=\"0 0 256 512\" xmlns=\"http:\/\/www.w3.org\/2000\/svg\"><path fill=\"currentColor\" d=\"M224.3 273l-136 136c-9.4 9.4-24.6 9.4-33.9 0l-22.6-22.6c-9.4-9.4-9.4-24.6 0-33.9l96.4-96.4-96.4-96.4c-9.4-9.4-9.4-24.6 0-33.9L54.3 103c9.4-9.4 24.6-9.4 33.9 0l136 136c9.5 9.4 9.5 24.6.1 34z\"><\/path><\/svg><\/span><\/a>\n\n<\/div>\n<\/div><\/div>\n<\/div>\n<\/div>\n<\/div>\n<\/div>\n\n<div class=\"gb-container gb-container-6c048740\">\n<div class=\"gb-container gb-container-cba47ebe\">\n<div class=\"gb-container gb-container-e16d6031\"><\/div>\n\n<div class=\"gb-container gb-container-7603a9ec\">\n\n<h3 class=\"gb-headline gb-headline-e894bb7b gb-headline-text\">Perch\u00e9 questo blog?<\/h3>\n\n\n\n<h2 class=\"gb-headline gb-headline-8c3236cc gb-headline-text\">Contribuire a un pianeta pi\u00f9 pulito e pi\u00f9 verde.<\/h2>\n\n\n\n<p>Questo blog \u00e8 nato dalla nostra convinzione che <strong>la conoscenza \u00e8 la chiave<\/strong> per un futuro pi\u00f9 verde. Attraverso i nostri articoli, ci impegniamo a fornire <strong>informazioni precise e utili<\/strong> sulle energie rinnovabili e l'efficienza energetica, per aiutare i nostri lettori a comprendere e adottare pratiche pi\u00f9 sostenibili. <strong>sostenibile<\/strong> nella loro vita quotidiana. Speriamo di ispirare <strong>cambiamento positivo<\/strong>Che si tratti di un individuo o di un'azienda, perch\u00e9 <strong>Ogni gesto conta<\/strong>. A <strong>demistificare<\/strong> tecnologie e pratiche legate alle energie rinnovabili, vogliamo rispondere a tutte le vostre domande e rendere questo settore pi\u00f9 accessibile. Inoltre, vi terremo informati su <strong>le ultime innovazioni<\/strong> e <strong>tendenze<\/strong> nel settore, dalle nuove tecnologie alle politiche ambientali.<\/p>\n\n<\/div>\n<\/div>\n<\/div>\n<\/div>\n\n<div class=\"gb-container gb-container-b9f998fe\">\n<div class=\"gb-container gb-container-1fe0015e\">\n\n<h2 class=\"gb-headline gb-headline-9ec244a5 gb-headline-text\">Article du moment :<\/h2>\n\n\n\n<figure class=\"wp-block-embed is-type-wp-embed is-provider-renouvelable-habitat wp-block-embed-renouvelable-habitat\"><div class=\"wp-block-embed__wrapper\">\n<blockquote class=\"wp-embedded-content\" data-secret=\"gqpojIBmJr\"><a href=\"https:\/\/renouvelable-habitat.fr\/it\/transitions-fluides-relier-interieur-et-exterieur-grace-au-gres-cerame\/\">Transitions fluides : relier int\u00e9rieur et ext\u00e9rieur gr\u00e2ce au gr\u00e8s c\u00e9rame<\/a><\/blockquote><iframe class=\"wp-embedded-content\" sandbox=\"allow-scripts\" security=\"restricted\" style=\"position: absolute; visibility: hidden;\" title=\"\u00ab\u00a0Transitions fluides : relier int\u00e9rieur et ext\u00e9rieur gr\u00e2ce au gr\u00e8s c\u00e9rame\u00a0\u00bb &#8212; Renouvelable Habitat\" src=\"https:\/\/renouvelable-habitat.fr\/transitions-fluides-relier-interieur-et-exterieur-grace-au-gres-cerame\/embed\/#?secret=ayrLqqjHtY#?secret=gqpojIBmJr\" data-secret=\"gqpojIBmJr\" width=\"600\" height=\"338\" frameborder=\"0\" marginwidth=\"0\" marginheight=\"0\" scrolling=\"no\"><\/iframe>\n<\/div><\/figure>\n\n\n\n<h2 class=\"gb-headline gb-headline-d24102ac gb-headline-text\">I nostri ultimi articoli<\/h2>\n\n\n<div class=\"gb-container gb-container-69b0176b\">\n<div class=\"gb-grid-wrapper gb-grid-wrapper-9f441d5a\">\n<div class=\"gb-grid-column gb-grid-column-4dca2506\"><div class=\"gb-container gb-container-4dca2506\">\n<figure class=\"gb-block-image gb-block-image-9cabe462\"><a href=\"https:\/\/renouvelable-habitat.fr\/it\/comment-savoir-si-vos-panneaux-solaires-necessitent-une-maintenance\/\"><img decoding=\"async\" width=\"1140\" height=\"750\" src=\"https:\/\/renouvelable-habitat.fr\/wp-content\/uploads\/2025\/10\/811b3f0eb9e7cce4482b6b27cf4b50cb_html_4d56798e.png\" class=\"gb-image-9cabe462\" alt=\"Panneaux solaires sous un ciel bleu et nuageux\" srcset=\"https:\/\/renouvelable-habitat.fr\/wp-content\/uploads\/2025\/10\/811b3f0eb9e7cce4482b6b27cf4b50cb_html_4d56798e.png 1140w, https:\/\/renouvelable-habitat.fr\/wp-content\/uploads\/2025\/10\/811b3f0eb9e7cce4482b6b27cf4b50cb_html_4d56798e-300x197.png 300w, https:\/\/renouvelable-habitat.fr\/wp-content\/uploads\/2025\/10\/811b3f0eb9e7cce4482b6b27cf4b50cb_html_4d56798e-1024x674.png 1024w, https:\/\/renouvelable-habitat.fr\/wp-content\/uploads\/2025\/10\/811b3f0eb9e7cce4482b6b27cf4b50cb_html_4d56798e-768x505.png 768w, https:\/\/renouvelable-habitat.fr\/wp-content\/uploads\/2025\/10\/811b3f0eb9e7cce4482b6b27cf4b50cb_html_4d56798e-18x12.png 18w\" sizes=\"(max-width: 1140px) 100vw, 1140px\" \/><\/a><\/figure>\n<\/div><\/div>\n\n<div class=\"gb-grid-column gb-grid-column-c4eb19ee\"><div class=\"gb-container gb-container-c4eb19ee\">\n<h3 class=\"gb-headline gb-headline-91ff2ab9 gb-headline-text\"><a href=\"https:\/\/renouvelable-habitat.fr\/it\/comment-savoir-si-vos-panneaux-solaires-necessitent-une-maintenance\/\">Comment savoir si vos panneaux solaires n\u00e9cessitent une maintenance ?<\/a><\/h3>\n\n<p class=\"gb-headline gb-headline-eabd570c gb-headline-text\"><time class=\"entry-date published\" datetime=\"2025-06-03T11:49:58+01:00\">3 Giugno 2025<\/time><\/p>\n\n<div class=\"gb-headline gb-headline-75e0de16 gb-headline-text\">Introduction \u2013 En bref : ce qu\u2019il faut retenir sur la maintenance des panneaux solaires Avant de plonger dans le d\u00e9tail, voici les&nbsp;points essentiels \u00e0 conna\u00eetre&nbsp;pour savoir si vos&nbsp;panneaux solaires&nbsp;n\u00e9cessitent une maintenance : Ces quelques points suffisent \u00e0 identifier quand agir et \u00e0 maintenir une&nbsp;production solaire optimale&nbsp;tout au long de l\u2019ann\u00e9e. Comprendre la maintenance des &#8230; <a title=\"Casa\" class=\"read-more\" href=\"https:\/\/renouvelable-habitat.fr\/it\/\" aria-label=\"Per saperne di pi\u00f9 su Home\">Leggi tutto<\/a><\/div>\n<\/div><\/div>\n<\/div>\n<\/div>\n\n\n<div class=\"gb-grid-wrapper gb-grid-wrapper-795e030b gb-query-loop-wrapper\">\n<div class=\"gb-grid-column gb-grid-column-a3ec1d20 gb-query-loop-item post-4030 post type-post status-publish format-standard has-post-thumbnail hentry category-actualite\"><div class=\"gb-container gb-container-a3ec1d20\">\n<figure class=\"gb-block-image gb-block-image-1f591f09\"><img decoding=\"async\" width=\"1344\" height=\"768\" src=\"https:\/\/renouvelable-habitat.fr\/wp-content\/uploads\/2026\/04\/Inauguration-dun-nouveau-parc-solaire-citoyen-sur-une-ancienne-zone-de-depot-de-materiaux.jpg\" class=\"gb-image-1f591f09\" alt=\"inauguration d\u2019un nouveau parc solaire citoyen install\u00e9 sur une ancienne zone de d\u00e9p\u00f4t de mat\u00e9riaux, symbolisant une transition \u00e9cologique et un engagement local pour les \u00e9nergies renouvelables.\" srcset=\"https:\/\/renouvelable-habitat.fr\/wp-content\/uploads\/2026\/04\/Inauguration-dun-nouveau-parc-solaire-citoyen-sur-une-ancienne-zone-de-depot-de-materiaux.jpg 1344w, https:\/\/renouvelable-habitat.fr\/wp-content\/uploads\/2026\/04\/Inauguration-dun-nouveau-parc-solaire-citoyen-sur-une-ancienne-zone-de-depot-de-materiaux-300x171.jpg 300w, https:\/\/renouvelable-habitat.fr\/wp-content\/uploads\/2026\/04\/Inauguration-dun-nouveau-parc-solaire-citoyen-sur-une-ancienne-zone-de-depot-de-materiaux-1024x585.jpg 1024w, https:\/\/renouvelable-habitat.fr\/wp-content\/uploads\/2026\/04\/Inauguration-dun-nouveau-parc-solaire-citoyen-sur-une-ancienne-zone-de-depot-de-materiaux-768x439.jpg 768w, https:\/\/renouvelable-habitat.fr\/wp-content\/uploads\/2026\/04\/Inauguration-dun-nouveau-parc-solaire-citoyen-sur-une-ancienne-zone-de-depot-de-materiaux-18x10.jpg 18w\" sizes=\"(max-width: 1344px) 100vw, 1344px\" \/><\/figure>\n\n<h3 class=\"gb-headline gb-headline-5a25afa6 gb-headline-text\"><a href=\"https:\/\/renouvelable-habitat.fr\/it\/inauguration-dun-nouveau-parc-solaire-citoyen-sur-une-ancienne-zone-de-depot-de-materiaux\/\">Inauguration d\u2019un nouveau parc solaire citoyen sur une ancienne zone de d\u00e9p\u00f4t de mat\u00e9riaux<\/a><\/h3>\n\n<p class=\"gb-headline gb-headline-582576ee gb-headline-text\"><time class=\"entry-date published\" datetime=\"2026-04-26T07:33:26+01:00\">26 Aprile 2026<\/time><\/p>\n\n<div class=\"gb-headline gb-headline-612993a9 gb-headline-text\">Un nouveau parc solaire citoyen a \u00e9t\u00e9 inaugur\u00e9 en Lot-et-Garonne, \u00e0 Saint-Aubin, d\u00e9montrant la reconversion efficace d\u2019une ancienne zone de d\u00e9p\u00f4t de mat\u00e9riaux en une source d\u2019\u00e9nergie renouvelable. Couvrant 1 400 m\u00b2, ce parc photovolta\u00efque est capable de produire jusqu\u2019\u00e0 28 % de la consommation \u00e9lectrique locale, illustrant ainsi l\u2019engagement concret des collectivit\u00e9s et des &#8230; <a title=\"Inauguration d\u2019un nouveau parc solaire citoyen sur une ancienne zone de d\u00e9p\u00f4t de mat\u00e9riaux\" class=\"read-more\" href=\"https:\/\/renouvelable-habitat.fr\/it\/inauguration-dun-nouveau-parc-solaire-citoyen-sur-une-ancienne-zone-de-depot-de-materiaux\/\" aria-label=\"Per saperne di pi\u00f9 su Inauguration d\u2019un nouveau parc solaire citoyen sur une ancienne zone de d\u00e9p\u00f4t de mat\u00e9riaux\">Leggi tutto<\/a><\/div>\n<\/div><\/div>\n\n<div class=\"gb-grid-column gb-grid-column-a3ec1d20 gb-query-loop-item post-4021 post type-post status-publish format-standard has-post-thumbnail hentry category-energie-renouvelable\"><div class=\"gb-container gb-container-a3ec1d20\">\n<figure class=\"gb-block-image gb-block-image-1f591f09\"><img decoding=\"async\" width=\"1200\" height=\"800\" src=\"https:\/\/renouvelable-habitat.fr\/wp-content\/uploads\/2026\/04\/image-cartographie-performance.jpg\" class=\"gb-image-1f591f09\" alt=\"cartographie \u00e9nerg\u00e9tique\" srcset=\"https:\/\/renouvelable-habitat.fr\/wp-content\/uploads\/2026\/04\/image-cartographie-performance.jpg 1200w, https:\/\/renouvelable-habitat.fr\/wp-content\/uploads\/2026\/04\/image-cartographie-performance-300x200.jpg 300w, https:\/\/renouvelable-habitat.fr\/wp-content\/uploads\/2026\/04\/image-cartographie-performance-1024x683.jpg 1024w, https:\/\/renouvelable-habitat.fr\/wp-content\/uploads\/2026\/04\/image-cartographie-performance-768x512.jpg 768w, https:\/\/renouvelable-habitat.fr\/wp-content\/uploads\/2026\/04\/image-cartographie-performance-18x12.jpg 18w\" sizes=\"(max-width: 1200px) 100vw, 1200px\" \/><\/figure>\n\n<h3 class=\"gb-headline gb-headline-5a25afa6 gb-headline-text\"><a href=\"https:\/\/renouvelable-habitat.fr\/it\/cartographie-energetique-durable\/\">De la cartographie \u00e9nerg\u00e9tique \u00e0 la performance durable du patrimoine<\/a><\/h3>\n\n<p class=\"gb-headline gb-headline-582576ee gb-headline-text\"><time class=\"entry-date published\" datetime=\"2026-04-20T11:03:58+01:00\">20 Aprile 2026<\/time><\/p>\n\n<div class=\"gb-headline gb-headline-612993a9 gb-headline-text\">G\u00e9rer un patrimoine immobilier tertiaire exige bien plus qu&rsquo;un suivi administratif des b\u00e2timents. La ma\u00eetrise de l&rsquo;\u00e9nergie est devenue un levier strat\u00e9gique incontournable, port\u00e9 par des obligations r\u00e9glementaires croissantes et des enjeux de performance durable. Pour y r\u00e9pondre, les gestionnaires de parc doivent s&rsquo;appuyer sur une d\u00e9marche structur\u00e9e consistant \u00e0 cartographier, planifier, puis piloter. Voici &#8230; <a title=\"De la cartographie \u00e9nerg\u00e9tique \u00e0 la performance durable du patrimoine\" class=\"read-more\" href=\"https:\/\/renouvelable-habitat.fr\/it\/cartographie-energetique-durable\/\" aria-label=\"Per saperne di pi\u00f9 su De la cartographie \u00e9nerg\u00e9tique \u00e0 la performance durable du patrimoine\">Leggi tutto<\/a><\/div>\n<\/div><\/div>\n\n<div class=\"gb-grid-column gb-grid-column-a3ec1d20 gb-query-loop-item post-4019 post type-post status-publish format-standard has-post-thumbnail hentry category-actualite\"><div class=\"gb-container gb-container-a3ec1d20\">\n<figure class=\"gb-block-image gb-block-image-1f591f09\"><img decoding=\"async\" width=\"1344\" height=\"768\" src=\"https:\/\/renouvelable-habitat.fr\/wp-content\/uploads\/2026\/04\/Top-5-des-cremes-solaires-approuvees-par-les-experts-pour-proteger-votre-peau-sous-le-maquillage.jpg\" class=\"gb-image-1f591f09\" alt=\"d\u00e9couvrez notre s\u00e9lection des 5 meilleures cr\u00e8mes solaires recommand\u00e9es par les experts, id\u00e9ales pour prot\u00e9ger votre peau tout en portant du maquillage.\" srcset=\"https:\/\/renouvelable-habitat.fr\/wp-content\/uploads\/2026\/04\/Top-5-des-cremes-solaires-approuvees-par-les-experts-pour-proteger-votre-peau-sous-le-maquillage.jpg 1344w, https:\/\/renouvelable-habitat.fr\/wp-content\/uploads\/2026\/04\/Top-5-des-cremes-solaires-approuvees-par-les-experts-pour-proteger-votre-peau-sous-le-maquillage-300x171.jpg 300w, https:\/\/renouvelable-habitat.fr\/wp-content\/uploads\/2026\/04\/Top-5-des-cremes-solaires-approuvees-par-les-experts-pour-proteger-votre-peau-sous-le-maquillage-1024x585.jpg 1024w, https:\/\/renouvelable-habitat.fr\/wp-content\/uploads\/2026\/04\/Top-5-des-cremes-solaires-approuvees-par-les-experts-pour-proteger-votre-peau-sous-le-maquillage-768x439.jpg 768w, https:\/\/renouvelable-habitat.fr\/wp-content\/uploads\/2026\/04\/Top-5-des-cremes-solaires-approuvees-par-les-experts-pour-proteger-votre-peau-sous-le-maquillage-18x10.jpg 18w\" sizes=\"(max-width: 1344px) 100vw, 1344px\" \/><\/figure>\n\n<h3 class=\"gb-headline gb-headline-5a25afa6 gb-headline-text\"><a href=\"https:\/\/renouvelable-habitat.fr\/it\/top-5-des-cremes-solaires-approuvees-par-les-experts-pour-proteger-votre-peau-sous-le-maquillage\/\">Top 5 des cr\u00e8mes solaires approuv\u00e9es par les experts pour prot\u00e9ger votre peau sous le maquillage<\/a><\/h3>\n\n<p class=\"gb-headline gb-headline-582576ee gb-headline-text\"><time class=\"entry-date published\" datetime=\"2026-04-20T07:33:48+01:00\">20 Aprile 2026<\/time><\/p>\n\n<div class=\"gb-headline gb-headline-612993a9 gb-headline-text\">Prot\u00e9ger sa peau des rayons UV tout en conservant un maquillage impeccable est un d\u00e9fi. Avec l\u2019\u00e9volution des formules, les cr\u00e8mes solaires 2026 allient haute protection, hydratation et l\u00e9g\u00e8ret\u00e9, s\u2019int\u00e9grant parfaitement sous le maquillage pour un soin visage complet. La nouveaut\u00e9 : des textures fines et non grasses qui jouent un v\u00e9ritable r\u00f4le de base &#8230; <a title=\"Top 5 des cr\u00e8mes solaires approuv\u00e9es par les experts pour prot\u00e9ger votre peau sous le maquillage\" class=\"read-more\" href=\"https:\/\/renouvelable-habitat.fr\/it\/top-5-des-cremes-solaires-approuvees-par-les-experts-pour-proteger-votre-peau-sous-le-maquillage\/\" aria-label=\"Per saperne di pi\u00f9 su Top 5 des cr\u00e8mes solaires approuv\u00e9es par les experts pour prot\u00e9ger votre peau sous le maquillage\">Leggi tutto<\/a><\/div>\n<\/div><\/div>\n\n<div class=\"gb-grid-column gb-grid-column-a3ec1d20 gb-query-loop-item post-4015 post type-post status-publish format-standard has-post-thumbnail hentry category-actualite\"><div class=\"gb-container gb-container-a3ec1d20\">\n<figure class=\"gb-block-image gb-block-image-1f591f09\"><img decoding=\"async\" width=\"1344\" height=\"768\" src=\"https:\/\/renouvelable-habitat.fr\/wp-content\/uploads\/2026\/04\/Protection-solaire-creme-spray-ou-stick-\u2013-quelle-texture-assure-la-meilleure-defense-pour-votre-peau-.jpg\" class=\"gb-image-1f591f09\" alt=\"d\u00e9couvrez quelle texture de protection solaire \u2013 cr\u00e8me, spray ou stick \u2013 offre la meilleure d\u00e9fense pour votre peau et choisissez celle qui vous convient le mieux.\" srcset=\"https:\/\/renouvelable-habitat.fr\/wp-content\/uploads\/2026\/04\/Protection-solaire-creme-spray-ou-stick-\u2013-quelle-texture-assure-la-meilleure-defense-pour-votre-peau-.jpg 1344w, https:\/\/renouvelable-habitat.fr\/wp-content\/uploads\/2026\/04\/Protection-solaire-creme-spray-ou-stick-\u2013-quelle-texture-assure-la-meilleure-defense-pour-votre-peau--300x171.jpg 300w, https:\/\/renouvelable-habitat.fr\/wp-content\/uploads\/2026\/04\/Protection-solaire-creme-spray-ou-stick-\u2013-quelle-texture-assure-la-meilleure-defense-pour-votre-peau--1024x585.jpg 1024w, https:\/\/renouvelable-habitat.fr\/wp-content\/uploads\/2026\/04\/Protection-solaire-creme-spray-ou-stick-\u2013-quelle-texture-assure-la-meilleure-defense-pour-votre-peau--768x439.jpg 768w, https:\/\/renouvelable-habitat.fr\/wp-content\/uploads\/2026\/04\/Protection-solaire-creme-spray-ou-stick-\u2013-quelle-texture-assure-la-meilleure-defense-pour-votre-peau--18x10.jpg 18w\" sizes=\"(max-width: 1344px) 100vw, 1344px\" \/><\/figure>\n\n<h3 class=\"gb-headline gb-headline-5a25afa6 gb-headline-text\"><a href=\"https:\/\/renouvelable-habitat.fr\/it\/protection-solaire-creme-spray-ou-stick-quelle-texture-assure-la-meilleure-defense-pour-votre-peau\/\">Protection solaire : cr\u00e8me, spray ou stick \u2013 quelle texture assure la meilleure d\u00e9fense pour votre peau ?<\/a><\/h3>\n\n<p class=\"gb-headline gb-headline-582576ee gb-headline-text\"><time class=\"entry-date published\" datetime=\"2026-04-18T07:54:11+01:00\">18 Aprile 2026<\/time><\/p>\n\n<div class=\"gb-headline gb-headline-612993a9 gb-headline-text\">Avec l&rsquo;arriv\u00e9e du printemps, le r\u00e9flexe de protection solaire devient essentiel pour pr\u00e9server la peau des effets nocifs des rayons UV. Ces derniers provoquent non seulement un vieillissement pr\u00e9matur\u00e9, mais aussi des risques accrus de cancers cutan\u00e9s. En 2026, la palette de produits solaires disponibles s&rsquo;est \u00e9largie avec des textures vari\u00e9es : cr\u00e8mes, sprays, sticks, &#8230; <a title=\"Protection solaire : cr\u00e8me, spray ou stick \u2013 quelle texture assure la meilleure d\u00e9fense pour votre peau ?\" class=\"read-more\" href=\"https:\/\/renouvelable-habitat.fr\/it\/protection-solaire-creme-spray-ou-stick-quelle-texture-assure-la-meilleure-defense-pour-votre-peau\/\" aria-label=\"Per saperne di pi\u00f9 su Protection solaire : cr\u00e8me, spray ou stick \u2013 quelle texture assure la meilleure d\u00e9fense pour votre peau ?\">Leggi tutto<\/a><\/div>\n<\/div><\/div>\n\n<div class=\"gb-grid-column gb-grid-column-a3ec1d20 gb-query-loop-item post-4010 post type-post status-publish format-standard has-post-thumbnail hentry category-actualite\"><div class=\"gb-container gb-container-a3ec1d20\">\n<figure class=\"gb-block-image gb-block-image-1f591f09\"><img decoding=\"async\" width=\"1344\" height=\"768\" src=\"https:\/\/renouvelable-habitat.fr\/wp-content\/uploads\/2026\/04\/Energie-solaire-un-debat-local-aux-repercussions-nationales-majeures.jpg\" class=\"gb-image-1f591f09\" alt=\"d\u00e9couvrez comment le d\u00e9bat sur l&#039;\u00e9nergie solaire, bien qu&#039;ancr\u00e9 localement, impacte significativement les politiques et l&#039;\u00e9conomie \u00e0 l&#039;\u00e9chelle nationale.\" srcset=\"https:\/\/renouvelable-habitat.fr\/wp-content\/uploads\/2026\/04\/Energie-solaire-un-debat-local-aux-repercussions-nationales-majeures.jpg 1344w, https:\/\/renouvelable-habitat.fr\/wp-content\/uploads\/2026\/04\/Energie-solaire-un-debat-local-aux-repercussions-nationales-majeures-300x171.jpg 300w, https:\/\/renouvelable-habitat.fr\/wp-content\/uploads\/2026\/04\/Energie-solaire-un-debat-local-aux-repercussions-nationales-majeures-1024x585.jpg 1024w, https:\/\/renouvelable-habitat.fr\/wp-content\/uploads\/2026\/04\/Energie-solaire-un-debat-local-aux-repercussions-nationales-majeures-768x439.jpg 768w, https:\/\/renouvelable-habitat.fr\/wp-content\/uploads\/2026\/04\/Energie-solaire-un-debat-local-aux-repercussions-nationales-majeures-18x10.jpg 18w\" sizes=\"(max-width: 1344px) 100vw, 1344px\" \/><\/figure>\n\n<h3 class=\"gb-headline gb-headline-5a25afa6 gb-headline-text\"><a href=\"https:\/\/renouvelable-habitat.fr\/it\/energie-solaire-un-debat-local-aux-repercussions-nationales-majeures\/\">\u00c9nergie solaire : un d\u00e9bat local aux r\u00e9percussions nationales majeures<\/a><\/h3>\n\n<p class=\"gb-headline gb-headline-582576ee gb-headline-text\"><time class=\"entry-date published\" datetime=\"2026-04-14T09:18:00+01:00\">14 Aprile 2026<\/time><\/p>\n\n<div class=\"gb-headline gb-headline-612993a9 gb-headline-text\">Le d\u00e9veloppement de l\u2019\u00e9nergie solaire \u00e0 Montcuq, dans le Lot, illustre \u00e0 merveille la complexit\u00e9 des enjeux li\u00e9s \u00e0 la transition \u00e9nerg\u00e9tique en France. Ce d\u00e9bat local d\u00e9passe les fronti\u00e8res de la commune et soul\u00e8ve des questions fondamentales concernant l\u2019\u00e9quilibre entre production d\u2019\u00e9lectricit\u00e9 renouvelable, pr\u00e9servation des terres agricoles et r\u00f4le de l\u2019\u00c9tat. Alors que l\u2019essor &#8230; <a title=\"\u00c9nergie solaire : un d\u00e9bat local aux r\u00e9percussions nationales majeures\" class=\"read-more\" href=\"https:\/\/renouvelable-habitat.fr\/it\/energie-solaire-un-debat-local-aux-repercussions-nationales-majeures\/\" aria-label=\"Per saperne di pi\u00f9 su \u00c9nergie solaire : un d\u00e9bat local aux r\u00e9percussions nationales majeures\">Leggi tutto<\/a><\/div>\n<\/div><\/div>\n\n<div class=\"gb-grid-column gb-grid-column-a3ec1d20 gb-query-loop-item post-4001 post type-post status-publish format-standard has-post-thumbnail hentry category-actualite\"><div class=\"gb-container gb-container-a3ec1d20\">\n<figure class=\"gb-block-image gb-block-image-1f591f09\"><img decoding=\"async\" width=\"1200\" height=\"675\" src=\"https:\/\/renouvelable-habitat.fr\/wp-content\/uploads\/2026\/04\/punaises-lit-signes.jpg\" class=\"gb-image-1f591f09\" alt=\"Punaises de lit \u00e0 la maison : Les 7 signes d&#039;alerte\" srcset=\"https:\/\/renouvelable-habitat.fr\/wp-content\/uploads\/2026\/04\/punaises-lit-signes.jpg 1200w, https:\/\/renouvelable-habitat.fr\/wp-content\/uploads\/2026\/04\/punaises-lit-signes-300x169.jpg 300w, https:\/\/renouvelable-habitat.fr\/wp-content\/uploads\/2026\/04\/punaises-lit-signes-1024x576.jpg 1024w, https:\/\/renouvelable-habitat.fr\/wp-content\/uploads\/2026\/04\/punaises-lit-signes-768x432.jpg 768w, https:\/\/renouvelable-habitat.fr\/wp-content\/uploads\/2026\/04\/punaises-lit-signes-18x10.jpg 18w\" sizes=\"(max-width: 1200px) 100vw, 1200px\" \/><\/figure>\n\n<h3 class=\"gb-headline gb-headline-5a25afa6 gb-headline-text\"><a href=\"https:\/\/renouvelable-habitat.fr\/it\/punaises-lit-signes\/\">Punaises de lit \u00e0 la maison : Les 7 signes d&rsquo;alerte que vous ne devez pas ignorer<\/a><\/h3>\n\n<p class=\"gb-headline gb-headline-582576ee gb-headline-text\"><time class=\"entry-date published\" datetime=\"2026-04-13T18:02:32+01:00\">13 Aprile 2026<\/time><\/p>\n\n<div class=\"gb-headline gb-headline-612993a9 gb-headline-text\">Les punaises de lit sont devenues un probl\u00e8me mondial, capables de s&rsquo;inviter dans n&rsquo;importe quel foyer, sans distinction de lieu ou de standing. Ces petits parasites h\u00e9matophages voyagent discr\u00e8tement dans les bagages, les v\u00eatements ou les sacs, et peuvent rapidement transformer un environnement paisible en source de stress. Reconna\u00eetre les signes pr\u00e9coces de leur pr\u00e9sence &#8230; <a title=\"Punaises de lit \u00e0 la maison : Les 7 signes d&rsquo;alerte que vous ne devez pas ignorer\" class=\"read-more\" href=\"https:\/\/renouvelable-habitat.fr\/it\/punaises-lit-signes\/\" aria-label=\"Per saperne di pi\u00f9 su Punaises de lit \u00e0 la maison : Les 7 signes d&rsquo;alerte que vous ne devez pas ignorer\">Leggi tutto<\/a><\/div>\n<\/div><\/div>\n\n<div class=\"gb-grid-column gb-grid-column-a3ec1d20 gb-query-loop-item post-4000 post type-post status-publish format-standard has-post-thumbnail hentry category-actualite\"><div class=\"gb-container gb-container-a3ec1d20\">\n<figure class=\"gb-block-image gb-block-image-1f591f09\"><img decoding=\"async\" width=\"1344\" height=\"768\" src=\"https:\/\/renouvelable-habitat.fr\/wp-content\/uploads\/2026\/04\/Un-youtubeur-repousse-les-limites-avec-un-drone-solaire-fait-maison-5-heures-de-vol-et-un-pas-vers-lautonomie-energetique.jpg\" class=\"gb-image-1f591f09\" alt=\"d\u00e9couvrez comment un youtubeur passionn\u00e9 a con\u00e7u un drone solaire maison capable de voler pendant 5 heures, marquant une avanc\u00e9e significative vers l&#039;autonomie \u00e9nerg\u00e9tique.\" srcset=\"https:\/\/renouvelable-habitat.fr\/wp-content\/uploads\/2026\/04\/Un-youtubeur-repousse-les-limites-avec-un-drone-solaire-fait-maison-5-heures-de-vol-et-un-pas-vers-lautonomie-energetique.jpg 1344w, https:\/\/renouvelable-habitat.fr\/wp-content\/uploads\/2026\/04\/Un-youtubeur-repousse-les-limites-avec-un-drone-solaire-fait-maison-5-heures-de-vol-et-un-pas-vers-lautonomie-energetique-300x171.jpg 300w, https:\/\/renouvelable-habitat.fr\/wp-content\/uploads\/2026\/04\/Un-youtubeur-repousse-les-limites-avec-un-drone-solaire-fait-maison-5-heures-de-vol-et-un-pas-vers-lautonomie-energetique-1024x585.jpg 1024w, https:\/\/renouvelable-habitat.fr\/wp-content\/uploads\/2026\/04\/Un-youtubeur-repousse-les-limites-avec-un-drone-solaire-fait-maison-5-heures-de-vol-et-un-pas-vers-lautonomie-energetique-768x439.jpg 768w, https:\/\/renouvelable-habitat.fr\/wp-content\/uploads\/2026\/04\/Un-youtubeur-repousse-les-limites-avec-un-drone-solaire-fait-maison-5-heures-de-vol-et-un-pas-vers-lautonomie-energetique-18x10.jpg 18w\" sizes=\"(max-width: 1344px) 100vw, 1344px\" \/><\/figure>\n\n<h3 class=\"gb-headline gb-headline-5a25afa6 gb-headline-text\"><a href=\"https:\/\/renouvelable-habitat.fr\/it\/un-youtubeur-repousse-les-limites-avec-un-drone-solaire-fait-maison-5-heures-de-vol-et-un-pas-vers-lautonomie-energetique\/\">Un youtubeur repousse les limites avec un drone solaire fait maison : 5 heures de vol et un pas vers l&rsquo;autonomie \u00e9nerg\u00e9tique<\/a><\/h3>\n\n<p class=\"gb-headline gb-headline-582576ee gb-headline-text\"><time class=\"entry-date published\" datetime=\"2026-04-12T08:59:12+01:00\">12 Aprile 2026<\/time><\/p>\n\n<div class=\"gb-headline gb-headline-612993a9 gb-headline-text\">Le youtubeur Luke Maximo Bell, reconnu pour ses exploits en mati\u00e8re de drones rapides, innove d\u00e9sormais dans le domaine de l&rsquo;\u00e9nergie renouvelable appliqu\u00e9e \u00e0 l&rsquo;a\u00e9ronautique. Avec un drone solaire artisanal capable de voler pendant plus de cinq heures sans recourir \u00e0 une batterie traditionnelle, il \u00e9tablit un nouveau record d&rsquo;autonomie pour ce type d&rsquo;appareil fait &#8230; <a title=\"Un youtubeur repousse les limites avec un drone solaire fait maison : 5 heures de vol et un pas vers l&rsquo;autonomie \u00e9nerg\u00e9tique\" class=\"read-more\" href=\"https:\/\/renouvelable-habitat.fr\/it\/un-youtubeur-repousse-les-limites-avec-un-drone-solaire-fait-maison-5-heures-de-vol-et-un-pas-vers-lautonomie-energetique\/\" aria-label=\"Per saperne di pi\u00f9 su Un youtubeur repousse les limites avec un drone solaire fait maison : 5 heures de vol et un pas vers l&rsquo;autonomie \u00e9nerg\u00e9tique\">Leggi tutto<\/a><\/div>\n<\/div><\/div>\n\n<div class=\"gb-grid-column gb-grid-column-a3ec1d20 gb-query-loop-item post-3996 post type-post status-publish format-standard has-post-thumbnail hentry category-actualite\"><div class=\"gb-container gb-container-a3ec1d20\">\n<figure class=\"gb-block-image gb-block-image-1f591f09\"><img decoding=\"async\" width=\"1344\" height=\"768\" src=\"https:\/\/renouvelable-habitat.fr\/wp-content\/uploads\/2026\/04\/millions-deuros-le-plan-francais-pour-deployer-les-bornes-VE-et-booster-les-aides-aux-pompes-a-chaleur-vers-un-avenir-sans-energies-fossiles.jpg\" class=\"gb-image-1f591f09\" alt=\"d\u00e9couvrez le plan fran\u00e7ais mobilisant des millions d\u2019euros pour d\u00e9ployer massivement les bornes de recharge pour v\u00e9hicules \u00e9lectriques et renforcer les aides aux pompes \u00e0 chaleur, acc\u00e9l\u00e9rant ainsi la transition vers un avenir sans \u00e9nergies fossiles.\" srcset=\"https:\/\/renouvelable-habitat.fr\/wp-content\/uploads\/2026\/04\/millions-deuros-le-plan-francais-pour-deployer-les-bornes-VE-et-booster-les-aides-aux-pompes-a-chaleur-vers-un-avenir-sans-energies-fossiles.jpg 1344w, https:\/\/renouvelable-habitat.fr\/wp-content\/uploads\/2026\/04\/millions-deuros-le-plan-francais-pour-deployer-les-bornes-VE-et-booster-les-aides-aux-pompes-a-chaleur-vers-un-avenir-sans-energies-fossiles-300x171.jpg 300w, https:\/\/renouvelable-habitat.fr\/wp-content\/uploads\/2026\/04\/millions-deuros-le-plan-francais-pour-deployer-les-bornes-VE-et-booster-les-aides-aux-pompes-a-chaleur-vers-un-avenir-sans-energies-fossiles-1024x585.jpg 1024w, https:\/\/renouvelable-habitat.fr\/wp-content\/uploads\/2026\/04\/millions-deuros-le-plan-francais-pour-deployer-les-bornes-VE-et-booster-les-aides-aux-pompes-a-chaleur-vers-un-avenir-sans-energies-fossiles-768x439.jpg 768w, https:\/\/renouvelable-habitat.fr\/wp-content\/uploads\/2026\/04\/millions-deuros-le-plan-francais-pour-deployer-les-bornes-VE-et-booster-les-aides-aux-pompes-a-chaleur-vers-un-avenir-sans-energies-fossiles-18x10.jpg 18w\" sizes=\"(max-width: 1344px) 100vw, 1344px\" \/><\/figure>\n\n<h3 class=\"gb-headline gb-headline-5a25afa6 gb-headline-text\"><a href=\"https:\/\/renouvelable-habitat.fr\/it\/millions-deuros-le-plan-francais-pour-deployer-les-bornes-ve-et-booster-les-aides-aux-pompes-a-chaleur-vers-un-avenir-sans-energies-fossiles\/\">millions d\u2019euros : le plan fran\u00e7ais pour d\u00e9ployer les bornes VE et booster les aides aux pompes \u00e0 chaleur, vers un avenir sans \u00e9nergies fossiles<\/a><\/h3>\n\n<p class=\"gb-headline gb-headline-582576ee gb-headline-text\"><time class=\"entry-date published\" datetime=\"2026-04-11T07:54:16+01:00\">11 Aprile 2026<\/time><\/p>\n\n<div class=\"gb-headline gb-headline-612993a9 gb-headline-text\">Face \u00e0 la mont\u00e9e des tensions g\u00e9opolitiques dans le Golfe et aux fluctuations persistantes des prix des hydrocarbures, la France affirme son ambition de r\u00e9duire sa d\u00e9pendance aux \u00e9nergies fossiles. En 2026, l\u2019\u00c9tat et l\u2019\u00e9nerg\u00e9ticien public \u00c9lectricit\u00e9 de France (EDF) lancent un plan d\u2019envergure dot\u00e9 de millions d\u2019euros pour acc\u00e9l\u00e9rer l\u2019installation des bornes VE et &#8230; <a title=\"millions d\u2019euros : le plan fran\u00e7ais pour d\u00e9ployer les bornes VE et booster les aides aux pompes \u00e0 chaleur, vers un avenir sans \u00e9nergies fossiles\" class=\"read-more\" href=\"https:\/\/renouvelable-habitat.fr\/it\/millions-deuros-le-plan-francais-pour-deployer-les-bornes-ve-et-booster-les-aides-aux-pompes-a-chaleur-vers-un-avenir-sans-energies-fossiles\/\" aria-label=\"Per saperne di pi\u00f9 su millions d\u2019euros : le plan fran\u00e7ais pour d\u00e9ployer les bornes VE et booster les aides aux pompes \u00e0 chaleur, vers un avenir sans \u00e9nergies fossiles\">Leggi tutto<\/a><\/div>\n<\/div><\/div>\n\n<div class=\"gb-grid-column gb-grid-column-a3ec1d20 gb-query-loop-item post-3990 post type-post status-publish format-standard has-post-thumbnail hentry category-jardin\"><div class=\"gb-container gb-container-a3ec1d20\">\n<figure class=\"gb-block-image gb-block-image-1f591f09\"><img decoding=\"async\" width=\"1200\" height=\"675\" src=\"https:\/\/renouvelable-habitat.fr\/wp-content\/uploads\/2026\/04\/amenager-terrasse-ecologique.jpg\" class=\"gb-image-1f591f09\" alt=\"Am\u00e9nager une terrasse \u00e9cologique et confortable\" srcset=\"https:\/\/renouvelable-habitat.fr\/wp-content\/uploads\/2026\/04\/amenager-terrasse-ecologique.jpg 1200w, https:\/\/renouvelable-habitat.fr\/wp-content\/uploads\/2026\/04\/amenager-terrasse-ecologique-300x169.jpg 300w, https:\/\/renouvelable-habitat.fr\/wp-content\/uploads\/2026\/04\/amenager-terrasse-ecologique-1024x576.jpg 1024w, https:\/\/renouvelable-habitat.fr\/wp-content\/uploads\/2026\/04\/amenager-terrasse-ecologique-768x432.jpg 768w, https:\/\/renouvelable-habitat.fr\/wp-content\/uploads\/2026\/04\/amenager-terrasse-ecologique-18x10.jpg 18w\" sizes=\"(max-width: 1200px) 100vw, 1200px\" \/><\/figure>\n\n<h3 class=\"gb-headline gb-headline-5a25afa6 gb-headline-text\"><a href=\"https:\/\/renouvelable-habitat.fr\/it\/amenager-terrasse-ecologique\/\">Am\u00e9nager une terrasse \u00e9cologique et confortable : les bons choix pour profiter de l&rsquo;\u00e9t\u00e9<\/a><\/h3>\n\n<p class=\"gb-headline gb-headline-582576ee gb-headline-text\"><time class=\"entry-date published\" datetime=\"2026-04-10T21:04:40+01:00\">10 Aprile 2026<\/time><\/p>\n\n<div class=\"gb-headline gb-headline-612993a9 gb-headline-text\">L&rsquo;\u00e9t\u00e9 approche, et avec lui la question qui revient chaque ann\u00e9e : comment profiter pleinement de sa terrasse quand le soleil tape fort, sans pour autant multiplier les \u00e9quipements \u00e9nergivores ou les mat\u00e9riaux peu durables ? Bonne nouvelle : il existe des solutions simples, naturelles et responsables pour transformer votre espace ext\u00e9rieur en v\u00e9ritable refuge &#8230; <a title=\"Am\u00e9nager une terrasse \u00e9cologique et confortable : les bons choix pour profiter de l&rsquo;\u00e9t\u00e9\" class=\"read-more\" href=\"https:\/\/renouvelable-habitat.fr\/it\/amenager-terrasse-ecologique\/\" aria-label=\"Per saperne di pi\u00f9 su Am\u00e9nager une terrasse \u00e9cologique et confortable : les bons choix pour profiter de l&rsquo;\u00e9t\u00e9\">Leggi tutto<\/a><\/div>\n<\/div><\/div>\n\n<div class=\"gb-grid-column gb-grid-column-a3ec1d20 gb-query-loop-item post-3988 post type-post status-publish format-standard has-post-thumbnail hentry category-actualite\"><div class=\"gb-container gb-container-a3ec1d20\">\n<figure class=\"gb-block-image gb-block-image-1f591f09\"><img decoding=\"async\" width=\"1344\" height=\"768\" src=\"https:\/\/renouvelable-habitat.fr\/wp-content\/uploads\/2026\/04\/Transformer-les-dechets-en-ressources-des-chercheurs-creent-un-reacteur-solaire-revolutionnaire-pour-valoriser-nos-dechets.jpg\" class=\"gb-image-1f591f09\" alt=\"d\u00e9couvrez comment des chercheurs innovants ont d\u00e9velopp\u00e9 un r\u00e9acteur solaire r\u00e9volutionnaire pour transformer les d\u00e9chets en ressources, offrant une solution durable et \u00e9cologique \u00e0 la gestion des d\u00e9chets.\" srcset=\"https:\/\/renouvelable-habitat.fr\/wp-content\/uploads\/2026\/04\/Transformer-les-dechets-en-ressources-des-chercheurs-creent-un-reacteur-solaire-revolutionnaire-pour-valoriser-nos-dechets.jpg 1344w, https:\/\/renouvelable-habitat.fr\/wp-content\/uploads\/2026\/04\/Transformer-les-dechets-en-ressources-des-chercheurs-creent-un-reacteur-solaire-revolutionnaire-pour-valoriser-nos-dechets-300x171.jpg 300w, https:\/\/renouvelable-habitat.fr\/wp-content\/uploads\/2026\/04\/Transformer-les-dechets-en-ressources-des-chercheurs-creent-un-reacteur-solaire-revolutionnaire-pour-valoriser-nos-dechets-1024x585.jpg 1024w, https:\/\/renouvelable-habitat.fr\/wp-content\/uploads\/2026\/04\/Transformer-les-dechets-en-ressources-des-chercheurs-creent-un-reacteur-solaire-revolutionnaire-pour-valoriser-nos-dechets-768x439.jpg 768w, https:\/\/renouvelable-habitat.fr\/wp-content\/uploads\/2026\/04\/Transformer-les-dechets-en-ressources-des-chercheurs-creent-un-reacteur-solaire-revolutionnaire-pour-valoriser-nos-dechets-18x10.jpg 18w\" sizes=\"(max-width: 1344px) 100vw, 1344px\" \/><\/figure>\n\n<h3 class=\"gb-headline gb-headline-5a25afa6 gb-headline-text\"><a href=\"https:\/\/renouvelable-habitat.fr\/it\/transformer-les-dechets-en-ressources-des-chercheurs-creent-un-reacteur-solaire-revolutionnaire-pour-valoriser-nos-dechets\/\">Transformer les d\u00e9chets en ressources : des chercheurs cr\u00e9ent un r\u00e9acteur solaire r\u00e9volutionnaire pour valoriser nos d\u00e9chets<\/a><\/h3>\n\n<p class=\"gb-headline gb-headline-582576ee gb-headline-text\"><time class=\"entry-date published\" datetime=\"2026-04-10T09:45:38+01:00\">10 Aprile 2026<\/time><\/p>\n\n<div class=\"gb-headline gb-headline-612993a9 gb-headline-text\">Face \u00e0 l&rsquo;accumulation alarmante de d\u00e9chets plastiques, une solution innovante se profile gr\u00e2ce \u00e0 une \u00e9quipe de chercheurs britanniques qui a con\u00e7u un r\u00e9acteur solaire capable de convertir ces d\u00e9chets en ressources pr\u00e9cieuses. Cette technologie utilise l&rsquo;\u00e9nergie renouvelable du soleil pour d\u00e9composer les plastiques les plus difficiles \u00e0 recycler en hydrog\u00e8ne propre et en acide &#8230; <a title=\"Transformer les d\u00e9chets en ressources : des chercheurs cr\u00e9ent un r\u00e9acteur solaire r\u00e9volutionnaire pour valoriser nos d\u00e9chets\" class=\"read-more\" href=\"https:\/\/renouvelable-habitat.fr\/it\/transformer-les-dechets-en-ressources-des-chercheurs-creent-un-reacteur-solaire-revolutionnaire-pour-valoriser-nos-dechets\/\" aria-label=\"Per saperne di pi\u00f9 su Transformer les d\u00e9chets en ressources : des chercheurs cr\u00e9ent un r\u00e9acteur solaire r\u00e9volutionnaire pour valoriser nos d\u00e9chets\">Leggi tutto<\/a><\/div>\n<\/div><\/div>\n<\/div>\n\n<\/div>\n<\/div>\n\n<div class=\"gb-container gb-container-10a597ad\">\n<div class=\"gb-container gb-container-a47507eb\">\n<div class=\"gb-container gb-container-91b80099\">\n\n<h3 class=\"gb-headline gb-headline-ca3b80ca gb-headline-text\">PERCH\u00c9 SCEGLIERCI<\/h3>\n\n<\/div>\n\n\n<h2 class=\"gb-headline gb-headline-2f66bd88 gb-headline-text\">Scoprite i nostri consigli e suggerimenti per scegliere le soluzioni solari pi\u00f9 adatte alle vostre esigenze.<\/h2>\n\n<\/div>\n\n<div class=\"gb-container gb-container-54cdf30c\">\n<div class=\"gb-container gb-container-098be8fd\">\n\n<figure class=\"gb-block-image gb-block-image-e108b92f\"><img decoding=\"async\" width=\"1024\" height=\"1024\" class=\"gb-image gb-image-e108b92f\" src=\"https:\/\/renouvelable-habitat.fr\/wp-content\/uploads\/2024\/06\/photo-julien.webp\" alt=\"\" title=\"foto-julien\" srcset=\"https:\/\/renouvelable-habitat.fr\/wp-content\/uploads\/2024\/06\/photo-julien.webp 1024w, https:\/\/renouvelable-habitat.fr\/wp-content\/uploads\/2024\/06\/photo-julien-300x300.webp 300w, https:\/\/renouvelable-habitat.fr\/wp-content\/uploads\/2024\/06\/photo-julien-150x150.webp 150w, https:\/\/renouvelable-habitat.fr\/wp-content\/uploads\/2024\/06\/photo-julien-768x768.webp 768w\" sizes=\"(max-width: 1024px) 100vw, 1024px\" \/><\/figure>\n\n<\/div>\n\n<div class=\"gb-container gb-container-4d77676c\">\n\n<div class=\"gb-headline gb-headline-490c605e gb-headline-text\">Julien<\/div>\n\n\n\n<div class=\"gb-headline gb-headline-c322388a gb-headline-text\">Editore<\/div>\n\n\n\n<p>Dopo aver iniziato la mia carriera come elettricista nella Marina francese e aver viaggiato molto, ho lavorato nell'industria per quasi 15 anni. In particolare nel campo della strumentazione, del controllo e dell'automazione. Ho visto personalmente questo settore altamente inquinante evolversi verso nuove sfide ecologiche. Ma l'inerzia era ancora troppo grande e il cambiamento troppo lento per i miei gusti. &nbsp;<\/p>\n\n\n\n<p>Per questo mi sono dedicato alle energie rinnovabili, in particolare all'energia solare. Grazie all'esperienza accumulata negli ultimi anni, ho deciso di condividere la mia passione per la casa di domani e per i nuovi modi di ridurre il consumo energetico.&nbsp;<\/p>\n\n<\/div>\n<\/div>\n\n<div class=\"gb-container gb-container-c8faa3e1\">\n<div class=\"gb-container gb-container-a0dec09a\">\n\n<figure class=\"gb-block-image gb-block-image-444634d7\"><img decoding=\"async\" width=\"1024\" height=\"1024\" class=\"gb-image gb-image-444634d7\" src=\"https:\/\/renouvelable-habitat.fr\/wp-content\/uploads\/2024\/06\/photo-benjamin.webp\" alt=\"\" title=\"foto-benjamin\" srcset=\"https:\/\/renouvelable-habitat.fr\/wp-content\/uploads\/2024\/06\/photo-benjamin.webp 1024w, https:\/\/renouvelable-habitat.fr\/wp-content\/uploads\/2024\/06\/photo-benjamin-300x300.webp 300w, https:\/\/renouvelable-habitat.fr\/wp-content\/uploads\/2024\/06\/photo-benjamin-150x150.webp 150w, https:\/\/renouvelable-habitat.fr\/wp-content\/uploads\/2024\/06\/photo-benjamin-768x768.webp 768w\" sizes=\"(max-width: 1024px) 100vw, 1024px\" \/><\/figure>\n\n<\/div>\n\n<div class=\"gb-container gb-container-26771d4d\">\n\n<div class=\"gb-headline gb-headline-64b1ab07 gb-headline-text\">Benjamin<\/div>\n\n\n\n<div class=\"gb-headline gb-headline-3bbc65ad gb-headline-text\">Editore<\/div>\n\n\n\n<p>Mi chiamo Benjamin e sono uno scrittore con la passione per l'energia solare e la vita sostenibile. Ho iniziato la mia carriera nella manutenzione dell'industria tipografica, dove ho lavorato per dieci anni. Il mio desiderio di autonomia mi ha portato naturalmente all'energia solare e alle abitazioni ecologiche.<\/p>\n\n\n\n<p>Oggi condivido i miei risultati, i miei pensieri e le mie analisi su questo blog. Il mio obiettivo \u00e8 fornire informazioni pratiche e stimolanti su come adottare pratiche sostenibili e raggiungere l'autonomia energetica. Unitevi a me in questa avventura verso un futuro pi\u00f9 verde e autosufficiente.<\/p>\n\n<\/div>\n<\/div>\n\n\n<h2 class=\"wp-block-heading\">Nos partenaires<\/h2>\n\n\n\n<a href=\"https:\/\/www.sofinco.fr\/\">Sofinco<\/a>\n\n<\/div>","protected":false},"excerpt":{"rendered":"<p>Sfruttare la potenza del sole per un futuro sostenibile! Passare all'energia solare non solo consente di risparmiare sulla bolletta elettrica, ma contribuisce anche a rendere il pianeta pi\u00f9 pulito e pi\u00f9 verde. Unitevi alla rivoluzione solare e godetevi i vantaggi dell'energia rinnovabile. Notizie Volete partecipare? Non esitate a ... <a title=\"Casa\" class=\"read-more\" href=\"https:\/\/renouvelable-habitat.fr\/it\/\" aria-label=\"Per saperne di pi\u00f9 su Home\">Leggi tutto<\/a><\/p>","protected":false},"author":3,"featured_media":0,"parent":0,"menu_order":0,"comment_status":"closed","ping_status":"closed","template":"","meta":{"_seopress_robots_primary_cat":"0","_seopress_titles_title":"Blog sur l&#039;habitat renouvelable, l&#039;autonomie \u00e9nergetique.","_seopress_titles_desc":"","_seopress_robots_index":"","inline_featured_image":false,"footnotes":""},"class_list":["post-511","page","type-page","status-publish"],"_links":{"self":[{"href":"https:\/\/renouvelable-habitat.fr\/it\/wp-json\/wp\/v2\/pages\/511","targetHints":{"allow":["GET"]}}],"collection":[{"href":"https:\/\/renouvelable-habitat.fr\/it\/wp-json\/wp\/v2\/pages"}],"about":[{"href":"https:\/\/renouvelable-habitat.fr\/it\/wp-json\/wp\/v2\/types\/page"}],"author":[{"embeddable":true,"href":"https:\/\/renouvelable-habitat.fr\/it\/wp-json\/wp\/v2\/users\/3"}],"replies":[{"embeddable":true,"href":"https:\/\/renouvelable-habitat.fr\/it\/wp-json\/wp\/v2\/comments?post=511"}],"version-history":[{"count":16,"href":"https:\/\/renouvelable-habitat.fr\/it\/wp-json\/wp\/v2\/pages\/511\/revisions"}],"predecessor-version":[{"id":3782,"href":"https:\/\/renouvelable-habitat.fr\/it\/wp-json\/wp\/v2\/pages\/511\/revisions\/3782"}],"wp:attachment":[{"href":"https:\/\/renouvelable-habitat.fr\/it\/wp-json\/wp\/v2\/media?parent=511"}],"curies":[{"name":"wp","href":"https:\/\/api.w.org\/{rel}","templated":true}]}}